{"version":"1.0","provider_name":"BUDAPEST STREET STYLE","provider_url":"https:\/\/budapeststreetstyle.cafeblog.hu","author_name":"Budapest Street Style","author_url":"https:\/\/budapeststreetstyle.cafeblog.hu\/author\/budapest_street_style\/","title":"Budapest Art Week","html":"<p style=\"text-align: justify\">2017. \u00e1prilis 18-23. k\u00f6z\u00f6tt imm\u00e1ron m\u00e1sodik alkalommal rendezik meg a Budapest Art Week-et (BAW), amely a Budapesti Tavaszi Fesztiv\u00e1l egyetlen, hivatalos k\u00e9pz\u0151m\u0171v\u00e9szeti esem\u00e9nysorozata. Egy karszalaggal t\u00f6bb, mint 60 helysz\u00edn nyolcvan ki\u00e1ll\u00edt\u00e1sa \u00e9s k\u00f6zel hetven kieg\u00e9sz\u00edt\u0151 program l\u00e1togathat\u00f3 a v\u00e1rosban. A r\u00e9sztvev\u0151ket v\u00e1r\u00f3 kieg\u00e9sz\u00edt\u0151 programok k\u00f6z\u00f6tt szerepel p\u00e9ld\u00e1ul M4-es metr\u00f3t\u00fara, \u00f3budai m\u0171v\u00e9szeti- \u00e9s helyt\u00f6rt\u00e9neti s\u00e9ta, gal\u00e9riat\u00far\u00e1k, irodalmi- \u00e9s k\u00e9pz\u0151m\u0171v\u00e9szeti besz\u00e9lget\u00e9sek, kort\u00e1rs t\u00e1ncel\u0151ad\u00e1sok a M\u0171csarnokban \u00e9s a Magyar Nemzeti M\u00fazeumban, valamint tal\u00e1lkoz\u00e1si lehet\u0151s\u00e9g kort\u00e1rs m\u0171v\u00e9szekkel a Nyitott M\u0171termek D\u00e9lut\u00e1nja alkalmain.<\/p>\r\n[caption id=\"attachment_377\" align=\"alignnone\" width=\"800\"]<img class=\"size-full wp-image-377\" src=\"https:\/\/budapeststreetstyle.cafeblog.hu\/files\/2017\/03\/Budapest-Art-Week-fot\u00f3_1.jpg\" alt=\"Budapest Street Style\" width=\"800\" height=\"533\" \/> Budapest Art Week[\/caption]\r\n<p style=\"text-align: justify\">A Budapest Art Week egy Magyarorsz\u00e1gon egyed\u00fcl\u00e1ll\u00f3, klasszikus \u00e9s kort\u00e1rs k\u00e9pz\u0151m\u0171v\u00e9szeti esem\u00e9nyeket \u00f6sszefog\u00f3 fesztiv\u00e1l. A programsorozat c\u00e9lkit\u0171z\u00e9se az, hogy \u00faj lend\u00fcletet adjon \u00e9s ir\u00e1nyt\u0171 lehessen a k\u00e9pz\u0151m\u0171v\u00e9szet kedvel\u0151inek, esszenci\u00e1lis kieg\u00e9sz\u00edt\u0151jek\u00e9nt a Budapesti Tavaszi Fesztiv\u00e1l klasszikus m\u0171v\u00e9szeti programsorozat\u00e1nak. A hatnapos rendezv\u00e9ny keret\u00e9ben t\u00f6bb mint hatvan helysz\u00ednen \u2013 a v\u00e1ros vezet\u0151 m\u00fazeumaiban, gal\u00e9ri\u00e1iban \u00e9s egy\u00e9b ki\u00e1ll\u00edt\u00f3tereiben \u2013 k\u00f6zel nyolcvan ki\u00e1ll\u00edt\u00e1s (a rendezv\u00e9nysorozatban szerepl\u0151 m\u00fazeumok pl. Magyar Nemzeti Gal\u00e9ria, Magyar Nemzeti M\u00fazeum, Ludwig M\u00fazeum-Kort\u00e1rs M\u0171v\u00e9szeti M\u00fazeum \u00f6sszes ki\u00e1ll\u00edt\u00e1sa stb.) \u00e9s hozz\u00e1juk kapcsol\u00f3d\u00f3 program (t\u00e1rlatvezet\u00e9s, el\u0151ad\u00e1s, besz\u00e9lget\u00e9s, filmvet\u00edt\u00e9s) l\u00e1togathat\u00f3 \u2013 mindez egyetlen karszalaggal. 2017-ben is nagy sz\u00e1mban vehetnek r\u00e9szt az \u00e9rdekl\u0151d\u0151k tematikus s\u00e9t\u00e1kon, amelyeken m\u0171v\u00e9szett\u00f6rt\u00e9n\u00e9szek, eszt\u00e9t\u00e1k, k\u00e9pz\u0151m\u0171v\u00e9szek vagy \u00e9p\u00edt\u00e9szek k\u00eds\u00e9rik v\u00e9gig \u0151ket egy meghat\u00e1rozott \u00fatvonalon. Ilyen lesz p\u00e9ld\u00e1ul a Palotanegyedben a cARTc Projekt Space, A.P.A. Gal\u00e9ria, Moln\u00e1r Ani Gal\u00e9ria, Olasz Int\u00e9zet \u00e9s FUGA \u00fatvonalon, vagy a \u201aMetr\u00f3huzat\u2018 n\u00e9vre keresztelt M4-es metr\u00f3 vonal\u00e1n tett f\u00f6ldalatti t\u00fara, vagy \u00e9pp \u00d3buda alternat\u00edv bemutat\u00e1sa Kr\u00fady Gyula kedvenc helyein kereszt\u00fcl. A BAW programk\u00edn\u00e1lat\u00e1ban id\u00e9n megjelenik egy \u00faj sorozat, a K\u00f6z\u00f6s utak \u2013 besz\u00e9lget\u00e9sek m\u0171v\u00e9szek k\u00f6z\u00f6tt, amelyeken irodalm\u00e1rok \u00e9s k\u00e9pz\u0151m\u0171v\u00e9szek t\u00f6bbek k\u00f6z\u00f6tt olyan k\u00e9rd\u00e9sekre keresik a v\u00e1laszokat, mint hogy A m\u0171v\u00e9sz m\u00e1r gyermekk\u00e9nt tudja, hogy bel\u0151le m\u0171v\u00e9sz lesz? Egy j\u00f3 reg\u00e9ny elolvas\u00e1sa ut\u00e1n j\u00f6n az \u00e9rz\u00e9s, vagy a Louvre-ban tett l\u00e1togat\u00e1s ut\u00e1n jelentkezik a v\u00e1gy? Mi\u00e9rt ker\u00fclnek pap\u00edrra ez els\u0151 sorok, milyen gondolatok mozd\u00edtj\u00e1k az ecsetet? Ami m\u00e9g fontosabb: hogy \u00e1ll \u00f6ssze ez egy folyamatt\u00e1, k\u00e9s\u0151bb pedig egy \u00e9letm\u0171v\u00e9? Hogyan tal\u00e1lja meg a m\u0171v\u00e9sz a kort\u00e1rsakban a k\u00f6z\u00f6ns\u00e9g\u00e9t \u00e9s hogyan lesz \u00e9l\u0151 ez a kapcsolat? A besz\u00e9lget\u00e9sek r\u00e9sztvev\u0151i: Karafi\u00e1th Orsolya \u2013 Isaak Silard, Tompa Andrea \u2013 Eszterh\u00e1zy Marcell, Kem\u00e9ny Zs\u00f3fia \u2013 Rad\u00e1k Eszter, Weiner Sennyey Tibor \u2013 Szarka Fedor Guido \u00e9s Hevesi Judit \u2013 Weiler P\u00e9ter. Az idei esem\u00e9nyen k\u00e9t kort\u00e1rs t\u00e1ncel\u0151ad\u00e1st is l\u00e1thatnak a karszalaggal \u00e9rkez\u0151k. \u00c1prilis 21-\u00e9n Grecs\u00f3 Zolt\u00e1n \u00e9s Simk\u00f3 Beatrix #Orfeusz #Eur\u00fcdik\u00e9 el\u0151ad\u00e1sb\u00f3l adnak el\u0151 r\u00e9szletet a Magyar Nemzeti M\u00fazeum k\u0151t\u00e1r\u00e1ban. A M\u0171csarnokban pedig Feledi J\u00e1nos t\u00e1ncm\u0171v\u00e9sz \u00e9s Nagy \u00c1kos zeneszerz\u0151 Gioco delle coppie c\u00edm\u0171 t\u00e1nc \u00e9s elektroakusztikus komproviz\u00e1ci\u00f3j\u00e1val tal\u00e1lkozhatnak az \u00e9rdekl\u0151d\u0151k.<\/p>\r\n[caption id=\"attachment_378\" align=\"alignnone\" width=\"800\"]<img class=\"size-full wp-image-378\" src=\"https:\/\/budapeststreetstyle.cafeblog.hu\/files\/2017\/03\/Budapest-Art-Week-fot\u00f3_2.jpg\" alt=\"Budapest Street Style\" width=\"800\" height=\"533\" \/> Budapest Art Week[\/caption]\r\n<p style=\"text-align: justify\">Az Art Week z\u00e1r\u00f3napj\u00e1n, a Nyitott M\u0171termek D\u00e9lut\u00e1nja keret\u00e9ben m\u0171v\u00e9szett\u00f6rt\u00e9n\u00e9szek kalauzolj\u00e1k v\u00e9gig a l\u00e1togat\u00f3kat hat m\u0171teremh\u00e1zon, melyekben \u00f6sszesen t\u00f6bb mint \u00f6tven kort\u00e1rs k\u00e9pz\u0151m\u0171v\u00e9sszel ismerkedhet\u00fcnk meg szem\u00e9lyesen. A s\u00e9t\u00e1k ritka lehet\u0151s\u00e9get ny\u00fajtanak arra, hogy a m\u0171v\u00e9szetkedvel\u0151k betekint\u00e9s nyerjenek a m\u0171termek kreat\u00edv l\u00e9gk\u00f6r\u00e9be, szem\u00e9lyesen tal\u00e1lkozzanak az alkot\u00f3kkal, megismerj\u00e9k alkot\u00e1si technik\u00e1jukat, a m\u0171vek sz\u00fclet\u00e9s\u00e9nek folyamat\u00e1t.<br \/> A Budapest Art Week rendezv\u00e9nysorozatban szerepl\u0151 \u00f6sszes ki\u00e1ll\u00edt\u00e1sra \u00e9s a ki\u00e1ll\u00edt\u00e1sokat kieg\u00e9sz\u00edt\u0151 programokra bel\u00e9p\u00e9sre jogos\u00edt a megv\u00e1s\u00e1rolt karszalag, \u00e1m a kieg\u00e9sz\u00edt\u0151 esem\u00e9nyeken val\u00f3 r\u00e9szv\u00e9telhez regisztr\u00e1ci\u00f3 sz\u00fcks\u00e9ges, amelyet a BAW honlapj\u00e1n tehetnek meg az \u00e9rdekl\u0151d\u0151k.<\/p>","type":"rich","thumbnail_url":"https:\/\/budapeststreetstyle.cafeblog.hu\/files\/2017\/03\/Budapest-Art-Week-fot\u00f3_1-150x150.jpg","thumbnail_width":150,"thumbnail_height":150}